{"id":2070,"date":"2025-01-13T19:35:47","date_gmt":"2025-01-13T18:35:47","guid":{"rendered":"https:\/\/circulopolar.cl\/?page_id=2070"},"modified":"2025-01-14T16:52:09","modified_gmt":"2025-01-14T15:52:09","slug":"noticias","status":"publish","type":"page","link":"https:\/\/circulopolar.cl\/index.php\/noticias\/","title":{"rendered":"Noticias"},"content":{"rendered":"\t\t<div data-elementor-type=\"wp-page\" data-elementor-id=\"2070\" class=\"elementor elementor-2070\" data-elementor-settings=\"{&quot;ha_cmc_init_switcher&quot;:&quot;no&quot;}\" data-elementor-post-type=\"page\">\n\t\t\t\t\t\t<section data-ha-partstyle=\"nasa\" data-ha-partcolor=\"\" data-ha-partopacity=\"0.2\" data-ha-partdirection=\"bottom\" class=\"elementor-section elementor-top-section elementor-element elementor-element-79a88c8f ha-particle-yes elementor-section-boxed elementor-section-height-default elementor-section-height-default ha-particle-adv-no\" data-id=\"79a88c8f\" data-element_type=\"section\" data-settings=\"{&quot;background_background&quot;:&quot;classic&quot;,&quot;_ha_eqh_enable&quot;:false}\">\n\t\t\t\t\t\t\t<div class=\"elementor-background-overlay\"><\/div>\n\t\t\t\t\t\t\t<div class=\"elementor-container elementor-column-gap-no\">\n\t\t\t\t\t<div class=\"elementor-column elementor-col-100 elementor-top-column elementor-element elementor-element-5c03d05b\" data-id=\"5c03d05b\" data-element_type=\"column\">\n\t\t\t<div class=\"elementor-widget-wrap elementor-element-populated\">\n\t\t\t\t\t\t<div class=\"elementor-element elementor-element-594fe40a elementor-widget elementor-widget-heading\" data-id=\"594fe40a\" data-element_type=\"widget\" data-widget_type=\"heading.default\">\n\t\t\t\t<div class=\"elementor-widget-container\">\n\t\t\t\t\t<h1 class=\"elementor-heading-title elementor-size-default\">Noticias<\/h1>\t\t\t\t<\/div>\n\t\t\t\t<\/div>\n\t\t\t\t\t<\/div>\n\t\t<\/div>\n\t\t\t\t\t<\/div>\n\t\t<\/section>\n\t\t\t\t<section class=\"elementor-section elementor-top-section elementor-element elementor-element-376f5d4a elementor-section-boxed elementor-section-height-default elementor-section-height-default\" data-id=\"376f5d4a\" data-element_type=\"section\" data-settings=\"{&quot;background_background&quot;:&quot;classic&quot;,&quot;_ha_eqh_enable&quot;:false}\">\n\t\t\t\t\t\t\t<div class=\"elementor-background-overlay\"><\/div>\n\t\t\t\t\t\t\t<div class=\"elementor-container elementor-column-gap-no\">\n\t\t\t\t\t<div class=\"elementor-column elementor-col-100 elementor-top-column elementor-element elementor-element-af3e1db\" data-id=\"af3e1db\" data-element_type=\"column\">\n\t\t\t<div class=\"elementor-widget-wrap elementor-element-populated\">\n\t\t\t\t\t\t<div class=\"elementor-element elementor-element-3a2f008 ha-pg-grid-3 ha-pg-grid-tablet-2 ha-pg-grid-mobile-1 elementor-widget elementor-widget-ha-post-grid-new happy-addon ha-post-grid-new happy-addon-pro\" data-id=\"3a2f008\" data-element_type=\"widget\" data-settings=\"{&quot;columns&quot;:&quot;3&quot;,&quot;columns_tablet&quot;:&quot;2&quot;,&quot;columns_mobile&quot;:&quot;1&quot;}\" data-widget_type=\"ha-post-grid-new.default\">\n\t\t\t\t<div class=\"elementor-widget-container\">\n\t\t\t\t\t\t\t\t\t\t\t<div class=\"ha-pg-wrapper ha-pg-default ha-pg-classic\">\n\t\t\t\t\t<div class=\"ha-pg-grid-wrap\">\n\t\t\t\t\t\n\t\t\t\t\t\t\t\t<div class=\"ha-pg-item\">\n\t\t\t\t\t\t\t<div class=\"ha-pg-thumb-area\">\n\t\t\t\t\t<a href=\"https:\/\/circulopolar.cl\/index.php\/2025\/12\/03\/humanizando-la-salud\/\" class=\"ha-pg-thumb\">\n\t\t\t\t\t\t<img fetchpriority=\"high\" decoding=\"async\" width=\"768\" height=\"1024\" src=\"https:\/\/circulopolar.cl\/wp-content\/uploads\/2025\/12\/Untitled-design-768x1024.jpg\" class=\"attachment-large size-large wp-post-image\" alt=\"\" srcset=\"https:\/\/circulopolar.cl\/wp-content\/uploads\/2025\/12\/Untitled-design-768x1024.jpg 768w, https:\/\/circulopolar.cl\/wp-content\/uploads\/2025\/12\/Untitled-design-225x300.jpg 225w, https:\/\/circulopolar.cl\/wp-content\/uploads\/2025\/12\/Untitled-design-1152x1536.jpg 1152w, https:\/\/circulopolar.cl\/wp-content\/uploads\/2025\/12\/Untitled-design-1536x2048.jpg 1536w, https:\/\/circulopolar.cl\/wp-content\/uploads\/2025\/12\/Untitled-design-scaled.jpg 1920w\" sizes=\"(max-width: 768px) 100vw, 768px\" \/>\t\t\t\t\t<\/a>\n\t\t\t\t\t\t\t\t\t<\/div>\n\t\t\t\t\t\t<div class=\"ha-pg-content-area\">\n\n\t\t\t\t<h4 class=\"ha-pg-title\"><a href=\"https:\/\/circulopolar.cl\/index.php\/2025\/12\/03\/humanizando-la-salud\/\">Premio Humanizando la Salud<\/a><\/h4>\n\t\t\t\t\t\t\t<div class=\"ha-pg-meta-wrap\">\n\t\t\t\t<ul>\n\t\t\t\t\t\t\t\t\t\t\t\t\t\t\t\t<li class=\"ha-pg-date\">\n\t\t\t\t\t\t\t\t\t<a class=\"ha-pg-date-text\" href=\"https:\/\/circulopolar.cl\/index.php\/2025\/12\/03\/\">\n\t\t\t\t\t\t\t<svg xmlns=\"http:\/\/www.w3.org\/2000\/svg\" width=\"32\" height=\"32\" viewBox=\"0 0 32 32\"><path d=\"M32 16c0 8.8-7.2 16-16 16S0 24.8 0 16 7.2 0 16 0 32 7.2 32 16zM22.2 19.5c0-0.3-0.2-0.6-0.4-0.8L18.1 16V6.7c0-0.6-0.5-1-1-1H15c-0.6 0-1 0.5-1 1v10 0c0 0.7 0.4 1.6 1 2l4.3 3.2c0.2 0.1 0.4 0.2 0.6 0.2 0.3 0 0.6-0.2 0.8-0.4l1.3-1.6C22.1 20 22.2 19.7 22.2 19.5z\"\/><\/svg>\n\t\t\t\t\t\t3 de December de 2025\t\t<\/a>\n\t\t\t\t\t\t\t\t<\/li>\n\t\t\t\t\t\t\t\t\t\t\t\t\t\t<\/ul>\n\t\t\t<\/div>\n\t\t\n\t\t\t\t\t\t\t<div class=\"ha-pg-excerpt\">\n\t\t\t\t<p>Estamos muy orgullosos de haber obtenido el Premio Humanizando la Salud que entrega anualmente Laboratorio&hellip;<\/p>\t\t\t<\/div>\n\t\t\n\t\t\t\t<div class=\"ha-pg-readmore\"><a href=\"https:\/\/circulopolar.cl\/index.php\/2025\/12\/03\/humanizando-la-salud\/\" target=\"_blank\">Continuar leyendo \u00bb<\/a><\/div>\t\t\t<\/div>\n\t\t<\/div>\n\t\n\t\t\t\t\t\n\t\t\t\t\t\t\t\t<div class=\"ha-pg-item\">\n\t\t\t\t\t\t\t<div class=\"ha-pg-thumb-area\">\n\t\t\t\t\t<a href=\"https:\/\/circulopolar.cl\/index.php\/2025\/10\/29\/aniversario-circulo-polar-2025\/\" class=\"ha-pg-thumb\">\n\t\t\t\t\t\t<img decoding=\"async\" width=\"1024\" height=\"683\" src=\"https:\/\/circulopolar.cl\/wp-content\/uploads\/2025\/10\/IMG_6708-1024x683.jpeg\" class=\"attachment-large size-large wp-post-image\" alt=\"\" srcset=\"https:\/\/circulopolar.cl\/wp-content\/uploads\/2025\/10\/IMG_6708-1024x683.jpeg 1024w, https:\/\/circulopolar.cl\/wp-content\/uploads\/2025\/10\/IMG_6708-300x200.jpeg 300w, https:\/\/circulopolar.cl\/wp-content\/uploads\/2025\/10\/IMG_6708-768x512.jpeg 768w, https:\/\/circulopolar.cl\/wp-content\/uploads\/2025\/10\/IMG_6708-1536x1024.jpeg 1536w, https:\/\/circulopolar.cl\/wp-content\/uploads\/2025\/10\/IMG_6708-2048x1365.jpeg 2048w\" sizes=\"(max-width: 1024px) 100vw, 1024px\" \/>\t\t\t\t\t<\/a>\n\t\t\t\t\t\t\t\t\t<\/div>\n\t\t\t\t\t\t<div class=\"ha-pg-content-area\">\n\n\t\t\t\t<h4 class=\"ha-pg-title\"><a href=\"https:\/\/circulopolar.cl\/index.php\/2025\/10\/29\/aniversario-circulo-polar-2025\/\">Aniversario Circulo Polar 2025<\/a><\/h4>\n\t\t\t\t\t\t\t<div class=\"ha-pg-meta-wrap\">\n\t\t\t\t<ul>\n\t\t\t\t\t\t\t\t\t\t\t\t\t\t\t\t<li class=\"ha-pg-date\">\n\t\t\t\t\t\t\t\t\t<a class=\"ha-pg-date-text\" href=\"https:\/\/circulopolar.cl\/index.php\/2025\/10\/29\/\">\n\t\t\t\t\t\t\t<svg xmlns=\"http:\/\/www.w3.org\/2000\/svg\" width=\"32\" height=\"32\" viewBox=\"0 0 32 32\"><path d=\"M32 16c0 8.8-7.2 16-16 16S0 24.8 0 16 7.2 0 16 0 32 7.2 32 16zM22.2 19.5c0-0.3-0.2-0.6-0.4-0.8L18.1 16V6.7c0-0.6-0.5-1-1-1H15c-0.6 0-1 0.5-1 1v10 0c0 0.7 0.4 1.6 1 2l4.3 3.2c0.2 0.1 0.4 0.2 0.6 0.2 0.3 0 0.6-0.2 0.8-0.4l1.3-1.6C22.1 20 22.2 19.7 22.2 19.5z\"\/><\/svg>\n\t\t\t\t\t\t29 de October de 2025\t\t<\/a>\n\t\t\t\t\t\t\t\t<\/li>\n\t\t\t\t\t\t\t\t\t\t\t\t\t\t<\/ul>\n\t\t\t<\/div>\n\t\t\n\t\t\t\t\t\t\t<div class=\"ha-pg-excerpt\">\n\t\t\t\t<p>El 19 de octubre celebramos nuestro sexto aniversario con una caminata guiada por el Doctor&hellip;<\/p>\t\t\t<\/div>\n\t\t\n\t\t\t\t<div class=\"ha-pg-readmore\"><a href=\"https:\/\/circulopolar.cl\/index.php\/2025\/10\/29\/aniversario-circulo-polar-2025\/\" target=\"_blank\">Continuar leyendo \u00bb<\/a><\/div>\t\t\t<\/div>\n\t\t<\/div>\n\t\n\t\t\t\t\t\n\t\t\t\t\t\t\t\t<div class=\"ha-pg-item\">\n\t\t\t\t\t\t\t<div class=\"ha-pg-thumb-area\">\n\t\t\t\t\t<a href=\"https:\/\/circulopolar.cl\/index.php\/2025\/07\/18\/un-encuentro-para-compartir-recordar-y-continuar\/\" class=\"ha-pg-thumb\">\n\t\t\t\t\t\t<img decoding=\"async\" width=\"1024\" height=\"622\" src=\"https:\/\/circulopolar.cl\/wp-content\/uploads\/2025\/07\/EVENTOCIERREexport2-7-2-1024x622.jpg\" class=\"attachment-large size-large wp-post-image\" alt=\"\" srcset=\"https:\/\/circulopolar.cl\/wp-content\/uploads\/2025\/07\/EVENTOCIERREexport2-7-2-1024x622.jpg 1024w, https:\/\/circulopolar.cl\/wp-content\/uploads\/2025\/07\/EVENTOCIERREexport2-7-2-300x182.jpg 300w, https:\/\/circulopolar.cl\/wp-content\/uploads\/2025\/07\/EVENTOCIERREexport2-7-2-768x467.jpg 768w, https:\/\/circulopolar.cl\/wp-content\/uploads\/2025\/07\/EVENTOCIERREexport2-7-2-1536x933.jpg 1536w, https:\/\/circulopolar.cl\/wp-content\/uploads\/2025\/07\/EVENTOCIERREexport2-7-2.jpg 2000w\" sizes=\"(max-width: 1024px) 100vw, 1024px\" \/>\t\t\t\t\t<\/a>\n\t\t\t\t\t\t\t\t\t<\/div>\n\t\t\t\t\t\t<div class=\"ha-pg-content-area\">\n\n\t\t\t\t<h4 class=\"ha-pg-title\"><a href=\"https:\/\/circulopolar.cl\/index.php\/2025\/07\/18\/un-encuentro-para-compartir-recordar-y-continuar\/\">Un encuentro para compartir, recordar y continuar<\/a><\/h4>\n\t\t\t\t\t\t\t<div class=\"ha-pg-meta-wrap\">\n\t\t\t\t<ul>\n\t\t\t\t\t\t\t\t\t\t\t\t\t\t\t\t<li class=\"ha-pg-date\">\n\t\t\t\t\t\t\t\t\t<a class=\"ha-pg-date-text\" href=\"https:\/\/circulopolar.cl\/index.php\/2025\/07\/18\/\">\n\t\t\t\t\t\t\t<svg xmlns=\"http:\/\/www.w3.org\/2000\/svg\" width=\"32\" height=\"32\" viewBox=\"0 0 32 32\"><path d=\"M32 16c0 8.8-7.2 16-16 16S0 24.8 0 16 7.2 0 16 0 32 7.2 32 16zM22.2 19.5c0-0.3-0.2-0.6-0.4-0.8L18.1 16V6.7c0-0.6-0.5-1-1-1H15c-0.6 0-1 0.5-1 1v10 0c0 0.7 0.4 1.6 1 2l4.3 3.2c0.2 0.1 0.4 0.2 0.6 0.2 0.3 0 0.6-0.2 0.8-0.4l1.3-1.6C22.1 20 22.2 19.7 22.2 19.5z\"\/><\/svg>\n\t\t\t\t\t\t18 de July de 2025\t\t<\/a>\n\t\t\t\t\t\t\t\t<\/li>\n\t\t\t\t\t\t\t\t\t\t\t\t\t\t<\/ul>\n\t\t\t<\/div>\n\t\t\n\t\t\t\t\t\t\t<div class=\"ha-pg-excerpt\">\n\t\t\t\t<p>Es lo que vivimos en nuestra \u00faltima sesi\u00f3n presencial, un encuentro entre v\u00ednculos y pares&hellip;<\/p>\t\t\t<\/div>\n\t\t\n\t\t\t\t<div class=\"ha-pg-readmore\"><a href=\"https:\/\/circulopolar.cl\/index.php\/2025\/07\/18\/un-encuentro-para-compartir-recordar-y-continuar\/\" target=\"_blank\">Continuar leyendo \u00bb<\/a><\/div>\t\t\t<\/div>\n\t\t<\/div>\n\t\n\t\t\t\t\t\n\t\t\t\t\t\t\t\t<div class=\"ha-pg-item\">\n\t\t\t\t\t\t\t<div class=\"ha-pg-thumb-area\">\n\t\t\t\t\t<a href=\"https:\/\/circulopolar.cl\/index.php\/2025\/06\/04\/aporte-de-la-terapia-ocupacional-en-nuestra-salud-mental\/\" class=\"ha-pg-thumb\">\n\t\t\t\t\t\t<img loading=\"lazy\" decoding=\"async\" width=\"1024\" height=\"401\" src=\"https:\/\/circulopolar.cl\/wp-content\/uploads\/2025\/06\/CHARLA30MAYO-34-2-1024x401.jpg\" class=\"attachment-large size-large wp-post-image\" alt=\"\" srcset=\"https:\/\/circulopolar.cl\/wp-content\/uploads\/2025\/06\/CHARLA30MAYO-34-2-1024x401.jpg 1024w, https:\/\/circulopolar.cl\/wp-content\/uploads\/2025\/06\/CHARLA30MAYO-34-2-300x118.jpg 300w, https:\/\/circulopolar.cl\/wp-content\/uploads\/2025\/06\/CHARLA30MAYO-34-2-768x301.jpg 768w, https:\/\/circulopolar.cl\/wp-content\/uploads\/2025\/06\/CHARLA30MAYO-34-2-1536x602.jpg 1536w, https:\/\/circulopolar.cl\/wp-content\/uploads\/2025\/06\/CHARLA30MAYO-34-2-2048x803.jpg 2048w\" sizes=\"(max-width: 1024px) 100vw, 1024px\" \/>\t\t\t\t\t<\/a>\n\t\t\t\t\t\t\t\t\t<\/div>\n\t\t\t\t\t\t<div class=\"ha-pg-content-area\">\n\n\t\t\t\t<h4 class=\"ha-pg-title\"><a href=\"https:\/\/circulopolar.cl\/index.php\/2025\/06\/04\/aporte-de-la-terapia-ocupacional-en-nuestra-salud-mental\/\">Aporte de la Terapia Ocupacional en nuestra Salud Mental<\/a><\/h4>\n\t\t\t\t\t\t\t<div class=\"ha-pg-meta-wrap\">\n\t\t\t\t<ul>\n\t\t\t\t\t\t\t\t\t\t\t\t\t\t\t\t<li class=\"ha-pg-date\">\n\t\t\t\t\t\t\t\t\t<a class=\"ha-pg-date-text\" href=\"https:\/\/circulopolar.cl\/index.php\/2025\/06\/04\/\">\n\t\t\t\t\t\t\t<svg xmlns=\"http:\/\/www.w3.org\/2000\/svg\" width=\"32\" height=\"32\" viewBox=\"0 0 32 32\"><path d=\"M32 16c0 8.8-7.2 16-16 16S0 24.8 0 16 7.2 0 16 0 32 7.2 32 16zM22.2 19.5c0-0.3-0.2-0.6-0.4-0.8L18.1 16V6.7c0-0.6-0.5-1-1-1H15c-0.6 0-1 0.5-1 1v10 0c0 0.7 0.4 1.6 1 2l4.3 3.2c0.2 0.1 0.4 0.2 0.6 0.2 0.3 0 0.6-0.2 0.8-0.4l1.3-1.6C22.1 20 22.2 19.7 22.2 19.5z\"\/><\/svg>\n\t\t\t\t\t\t4 de June de 2025\t\t<\/a>\n\t\t\t\t\t\t\t\t<\/li>\n\t\t\t\t\t\t\t\t\t\t\t\t\t\t<\/ul>\n\t\t\t<\/div>\n\t\t\n\t\t\t\t\t\t\t<div class=\"ha-pg-excerpt\">\n\t\t\t\t<p>Compartimos con ustedes lo que fue nuestra \u00faltima charla presencial: &#8220;\u00bfC\u00f3mo aporta la Terapia Ocupacional&hellip;<\/p>\t\t\t<\/div>\n\t\t\n\t\t\t\t<div class=\"ha-pg-readmore\"><a href=\"https:\/\/circulopolar.cl\/index.php\/2025\/06\/04\/aporte-de-la-terapia-ocupacional-en-nuestra-salud-mental\/\" target=\"_blank\">Continuar leyendo \u00bb<\/a><\/div>\t\t\t<\/div>\n\t\t<\/div>\n\t\n\t\t\t\t\t\n\t\t\t\t\t\t\t\t<div class=\"ha-pg-item\">\n\t\t\t\t\t\t\t<div class=\"ha-pg-thumb-area\">\n\t\t\t\t\t<a href=\"https:\/\/circulopolar.cl\/index.php\/2025\/04\/28\/salud-mental-y-perspectiva-de-genero\/\" class=\"ha-pg-thumb\">\n\t\t\t\t\t\t<img loading=\"lazy\" decoding=\"async\" width=\"1024\" height=\"684\" src=\"https:\/\/circulopolar.cl\/wp-content\/uploads\/2025\/04\/CHARLA14MARZO-1-1024x684.webp\" class=\"attachment-large size-large wp-post-image\" alt=\"Participantes escuchando atentamente una charla sobre salud mental y perspectiva de g\u00e9nero en Chile\" srcset=\"https:\/\/circulopolar.cl\/wp-content\/uploads\/2025\/04\/CHARLA14MARZO-1-1024x684.webp 1024w, https:\/\/circulopolar.cl\/wp-content\/uploads\/2025\/04\/CHARLA14MARZO-1-300x200.webp 300w, https:\/\/circulopolar.cl\/wp-content\/uploads\/2025\/04\/CHARLA14MARZO-1-768x513.webp 768w, https:\/\/circulopolar.cl\/wp-content\/uploads\/2025\/04\/CHARLA14MARZO-1-1536x1026.webp 1536w, https:\/\/circulopolar.cl\/wp-content\/uploads\/2025\/04\/CHARLA14MARZO-1.webp 1920w\" sizes=\"(max-width: 1024px) 100vw, 1024px\" \/>\t\t\t\t\t<\/a>\n\t\t\t\t\t\t\t\t\t<\/div>\n\t\t\t\t\t\t<div class=\"ha-pg-content-area\">\n\n\t\t\t\t<h4 class=\"ha-pg-title\"><a href=\"https:\/\/circulopolar.cl\/index.php\/2025\/04\/28\/salud-mental-y-perspectiva-de-genero\/\">Salud Mental y perspectiva de g\u00e9nero<\/a><\/h4>\n\t\t\t\t\t\t\t<div class=\"ha-pg-meta-wrap\">\n\t\t\t\t<ul>\n\t\t\t\t\t\t\t\t\t\t\t\t\t\t\t\t<li class=\"ha-pg-date\">\n\t\t\t\t\t\t\t\t\t<a class=\"ha-pg-date-text\" href=\"https:\/\/circulopolar.cl\/index.php\/2025\/04\/28\/\">\n\t\t\t\t\t\t\t<svg xmlns=\"http:\/\/www.w3.org\/2000\/svg\" width=\"32\" height=\"32\" viewBox=\"0 0 32 32\"><path d=\"M32 16c0 8.8-7.2 16-16 16S0 24.8 0 16 7.2 0 16 0 32 7.2 32 16zM22.2 19.5c0-0.3-0.2-0.6-0.4-0.8L18.1 16V6.7c0-0.6-0.5-1-1-1H15c-0.6 0-1 0.5-1 1v10 0c0 0.7 0.4 1.6 1 2l4.3 3.2c0.2 0.1 0.4 0.2 0.6 0.2 0.3 0 0.6-0.2 0.8-0.4l1.3-1.6C22.1 20 22.2 19.7 22.2 19.5z\"\/><\/svg>\n\t\t\t\t\t\t28 de April de 2025\t\t<\/a>\n\t\t\t\t\t\t\t\t<\/li>\n\t\t\t\t\t\t\t\t\t\t\t\t\t\t<\/ul>\n\t\t\t<\/div>\n\t\t\n\t\t\t\t\t\t\t<div class=\"ha-pg-excerpt\">\n\t\t\t\t<p>Les compartimos registros de lo que fue nuestra \u00faltima charla presencial: &#8220;Salud Mental y Perspectiva&hellip;<\/p>\t\t\t<\/div>\n\t\t\n\t\t\t\t<div class=\"ha-pg-readmore\"><a href=\"https:\/\/circulopolar.cl\/index.php\/2025\/04\/28\/salud-mental-y-perspectiva-de-genero\/\" target=\"_blank\">Continuar leyendo \u00bb<\/a><\/div>\t\t\t<\/div>\n\t\t<\/div>\n\t\n\t\t\t\t\t\n\t\t\t\t\t\t\t\t<div class=\"ha-pg-item\">\n\t\t\t\t\t\t\t<div class=\"ha-pg-thumb-area\">\n\t\t\t\t\t<a href=\"https:\/\/circulopolar.cl\/index.php\/2025\/01\/31\/la-esperanza-en-nuestros-caminos\/\" class=\"ha-pg-thumb\">\n\t\t\t\t\t\t<img loading=\"lazy\" decoding=\"async\" width=\"1024\" height=\"684\" src=\"https:\/\/circulopolar.cl\/wp-content\/uploads\/2025\/02\/Charla-La-Esperanza-en-nuestros-caminos-1024x684.jpg\" class=\"attachment-large size-large wp-post-image\" alt=\"\" srcset=\"https:\/\/circulopolar.cl\/wp-content\/uploads\/2025\/02\/Charla-La-Esperanza-en-nuestros-caminos-1024x684.jpg 1024w, https:\/\/circulopolar.cl\/wp-content\/uploads\/2025\/02\/Charla-La-Esperanza-en-nuestros-caminos-300x200.jpg 300w, https:\/\/circulopolar.cl\/wp-content\/uploads\/2025\/02\/Charla-La-Esperanza-en-nuestros-caminos-768x513.jpg 768w, https:\/\/circulopolar.cl\/wp-content\/uploads\/2025\/02\/Charla-La-Esperanza-en-nuestros-caminos.jpg 1200w\" sizes=\"(max-width: 1024px) 100vw, 1024px\" \/>\t\t\t\t\t<\/a>\n\t\t\t\t\t\t\t\t\t<\/div>\n\t\t\t\t\t\t<div class=\"ha-pg-content-area\">\n\n\t\t\t\t<h4 class=\"ha-pg-title\"><a href=\"https:\/\/circulopolar.cl\/index.php\/2025\/01\/31\/la-esperanza-en-nuestros-caminos\/\">La Esperanza en nuestros caminos<\/a><\/h4>\n\t\t\t\t\t\t\t<div class=\"ha-pg-meta-wrap\">\n\t\t\t\t<ul>\n\t\t\t\t\t\t\t\t\t\t\t\t\t\t\t\t<li class=\"ha-pg-date\">\n\t\t\t\t\t\t\t\t\t<a class=\"ha-pg-date-text\" href=\"https:\/\/circulopolar.cl\/index.php\/2025\/01\/31\/\">\n\t\t\t\t\t\t\t<svg xmlns=\"http:\/\/www.w3.org\/2000\/svg\" width=\"32\" height=\"32\" viewBox=\"0 0 32 32\"><path d=\"M32 16c0 8.8-7.2 16-16 16S0 24.8 0 16 7.2 0 16 0 32 7.2 32 16zM22.2 19.5c0-0.3-0.2-0.6-0.4-0.8L18.1 16V6.7c0-0.6-0.5-1-1-1H15c-0.6 0-1 0.5-1 1v10 0c0 0.7 0.4 1.6 1 2l4.3 3.2c0.2 0.1 0.4 0.2 0.6 0.2 0.3 0 0.6-0.2 0.8-0.4l1.3-1.6C22.1 20 22.2 19.7 22.2 19.5z\"\/><\/svg>\n\t\t\t\t\t\t31 de January de 2025\t\t<\/a>\n\t\t\t\t\t\t\t\t<\/li>\n\t\t\t\t\t\t\t\t\t\t\t\t\t\t<\/ul>\n\t\t\t<\/div>\n\t\t\n\t\t\t\t\t\t\t<div class=\"ha-pg-excerpt\">\n\t\t\t\t<p>Enero fue el mes donde hablamos sobre la Esperanza y por qu\u00e9 es importante para&hellip;<\/p>\t\t\t<\/div>\n\t\t\n\t\t\t\t<div class=\"ha-pg-readmore\"><a href=\"https:\/\/circulopolar.cl\/index.php\/2025\/01\/31\/la-esperanza-en-nuestros-caminos\/\" target=\"_blank\">Continuar leyendo \u00bb<\/a><\/div>\t\t\t<\/div>\n\t\t<\/div>\n\t\n\t\t\t\t\t\n\t\t\t\t\t\t\t\t<div class=\"ha-pg-item\">\n\t\t\t\t\t\t\t<div class=\"ha-pg-thumb-area\">\n\t\t\t\t\t<a href=\"https:\/\/circulopolar.cl\/index.php\/2024\/11\/29\/que-estamos-investigando-en-chile-sobre-salud-mental\/\" class=\"ha-pg-thumb\">\n\t\t\t\t\t\t<img loading=\"lazy\" decoding=\"async\" width=\"900\" height=\"559\" src=\"https:\/\/circulopolar.cl\/wp-content\/uploads\/2025\/01\/Salud-mental-Chile-01-e1739476925848.jpg\" class=\"attachment-large size-large wp-post-image\" alt=\"\" srcset=\"https:\/\/circulopolar.cl\/wp-content\/uploads\/2025\/01\/Salud-mental-Chile-01-e1739476925848.jpg 900w, https:\/\/circulopolar.cl\/wp-content\/uploads\/2025\/01\/Salud-mental-Chile-01-e1739476925848-300x186.jpg 300w, https:\/\/circulopolar.cl\/wp-content\/uploads\/2025\/01\/Salud-mental-Chile-01-e1739476925848-768x477.jpg 768w\" sizes=\"(max-width: 900px) 100vw, 900px\" \/>\t\t\t\t\t<\/a>\n\t\t\t\t\t\t\t\t\t<\/div>\n\t\t\t\t\t\t<div class=\"ha-pg-content-area\">\n\n\t\t\t\t<h4 class=\"ha-pg-title\"><a href=\"https:\/\/circulopolar.cl\/index.php\/2024\/11\/29\/que-estamos-investigando-en-chile-sobre-salud-mental\/\">\u00bfQu\u00e9 estamos investigando en Chile sobre salud mental?<\/a><\/h4>\n\t\t\t\t\t\t\t<div class=\"ha-pg-meta-wrap\">\n\t\t\t\t<ul>\n\t\t\t\t\t\t\t\t\t\t\t\t\t\t\t\t<li class=\"ha-pg-date\">\n\t\t\t\t\t\t\t\t\t<a class=\"ha-pg-date-text\" href=\"https:\/\/circulopolar.cl\/index.php\/2024\/11\/29\/\">\n\t\t\t\t\t\t\t<svg xmlns=\"http:\/\/www.w3.org\/2000\/svg\" width=\"32\" height=\"32\" viewBox=\"0 0 32 32\"><path d=\"M32 16c0 8.8-7.2 16-16 16S0 24.8 0 16 7.2 0 16 0 32 7.2 32 16zM22.2 19.5c0-0.3-0.2-0.6-0.4-0.8L18.1 16V6.7c0-0.6-0.5-1-1-1H15c-0.6 0-1 0.5-1 1v10 0c0 0.7 0.4 1.6 1 2l4.3 3.2c0.2 0.1 0.4 0.2 0.6 0.2 0.3 0 0.6-0.2 0.8-0.4l1.3-1.6C22.1 20 22.2 19.7 22.2 19.5z\"\/><\/svg>\n\t\t\t\t\t\t29 de November de 2024\t\t<\/a>\n\t\t\t\t\t\t\t\t<\/li>\n\t\t\t\t\t\t\t\t\t\t\t\t\t\t<\/ul>\n\t\t\t<\/div>\n\t\t\n\t\t\t\t\t\t\t<div class=\"ha-pg-excerpt\">\n\t\t\t\t<p>Cerramos noviembre con nuestra segunda charla presencial del &#8220;Programa de Apoyo para Grupos de Pacientes&hellip;<\/p>\t\t\t<\/div>\n\t\t\n\t\t\t\t<div class=\"ha-pg-readmore\"><a href=\"https:\/\/circulopolar.cl\/index.php\/2024\/11\/29\/que-estamos-investigando-en-chile-sobre-salud-mental\/\" target=\"_blank\">Continuar leyendo \u00bb<\/a><\/div>\t\t\t<\/div>\n\t\t<\/div>\n\t\n\t\t\t\t\t\n\t\t\t\t\t\t\t\t<div class=\"ha-pg-item\">\n\t\t\t\t\t\t\t<div class=\"ha-pg-thumb-area\">\n\t\t\t\t\t<a href=\"https:\/\/circulopolar.cl\/index.php\/2024\/11\/14\/iv-taller-latinoamericano-de-investigacion-en-depresion\/\" class=\"ha-pg-thumb\">\n\t\t\t\t\t\t<img loading=\"lazy\" decoding=\"async\" width=\"800\" height=\"534\" src=\"https:\/\/circulopolar.cl\/wp-content\/uploads\/2025\/01\/UC_MIDAP_IMG1.jpg\" class=\"attachment-large size-large wp-post-image\" alt=\"\" srcset=\"https:\/\/circulopolar.cl\/wp-content\/uploads\/2025\/01\/UC_MIDAP_IMG1.jpg 800w, https:\/\/circulopolar.cl\/wp-content\/uploads\/2025\/01\/UC_MIDAP_IMG1-300x200.jpg 300w, https:\/\/circulopolar.cl\/wp-content\/uploads\/2025\/01\/UC_MIDAP_IMG1-768x513.jpg 768w\" sizes=\"(max-width: 800px) 100vw, 800px\" \/>\t\t\t\t\t<\/a>\n\t\t\t\t\t\t\t\t\t<\/div>\n\t\t\t\t\t\t<div class=\"ha-pg-content-area\">\n\n\t\t\t\t<h4 class=\"ha-pg-title\"><a href=\"https:\/\/circulopolar.cl\/index.php\/2024\/11\/14\/iv-taller-latinoamericano-de-investigacion-en-depresion\/\">IV Taller Latinoamericano de Investigaci\u00f3n en Depresi\u00f3n<\/a><\/h4>\n\t\t\t\t\t\t\t<div class=\"ha-pg-meta-wrap\">\n\t\t\t\t<ul>\n\t\t\t\t\t\t\t\t\t\t\t\t\t\t\t\t<li class=\"ha-pg-date\">\n\t\t\t\t\t\t\t\t\t<a class=\"ha-pg-date-text\" href=\"https:\/\/circulopolar.cl\/index.php\/2024\/11\/14\/\">\n\t\t\t\t\t\t\t<svg xmlns=\"http:\/\/www.w3.org\/2000\/svg\" width=\"32\" height=\"32\" viewBox=\"0 0 32 32\"><path d=\"M32 16c0 8.8-7.2 16-16 16S0 24.8 0 16 7.2 0 16 0 32 7.2 32 16zM22.2 19.5c0-0.3-0.2-0.6-0.4-0.8L18.1 16V6.7c0-0.6-0.5-1-1-1H15c-0.6 0-1 0.5-1 1v10 0c0 0.7 0.4 1.6 1 2l4.3 3.2c0.2 0.1 0.4 0.2 0.6 0.2 0.3 0 0.6-0.2 0.8-0.4l1.3-1.6C22.1 20 22.2 19.7 22.2 19.5z\"\/><\/svg>\n\t\t\t\t\t\t14 de November de 2024\t\t<\/a>\n\t\t\t\t\t\t\t\t<\/li>\n\t\t\t\t\t\t\t\t\t\t\t\t\t\t<\/ul>\n\t\t\t<\/div>\n\t\t\n\t\t\t\t\t\t\t<div class=\"ha-pg-excerpt\">\n\t\t\t\t<p>IV Taller Latinoamericano de Investigaci\u00f3n en Depresi\u00f3n organizado por el Instituto MIDAP en Pontificia Universidad&hellip;<\/p>\t\t\t<\/div>\n\t\t\n\t\t\t\t<div class=\"ha-pg-readmore\"><a href=\"https:\/\/circulopolar.cl\/index.php\/2024\/11\/14\/iv-taller-latinoamericano-de-investigacion-en-depresion\/\" target=\"_blank\">Continuar leyendo \u00bb<\/a><\/div>\t\t\t<\/div>\n\t\t<\/div>\n\t\n\t\t\t\t\t\n\t\t\t\t\t\t\t\t<div class=\"ha-pg-item\">\n\t\t\t\t\t\t\t<div class=\"ha-pg-thumb-area\">\n\t\t\t\t\t<a href=\"https:\/\/circulopolar.cl\/index.php\/2024\/10\/19\/celebracion-de-nuestro-aniversario\/\" class=\"ha-pg-thumb\">\n\t\t\t\t\t\t<img loading=\"lazy\" decoding=\"async\" width=\"1024\" height=\"652\" src=\"https:\/\/circulopolar.cl\/wp-content\/uploads\/2025\/01\/ANIVERSARIOFCP-2024-38.jpg-1024x652.webp\" class=\"attachment-large size-large wp-post-image\" alt=\"\" srcset=\"https:\/\/circulopolar.cl\/wp-content\/uploads\/2025\/01\/ANIVERSARIOFCP-2024-38.jpg-1024x652.webp 1024w, https:\/\/circulopolar.cl\/wp-content\/uploads\/2025\/01\/ANIVERSARIOFCP-2024-38.jpg-300x191.webp 300w, https:\/\/circulopolar.cl\/wp-content\/uploads\/2025\/01\/ANIVERSARIOFCP-2024-38.jpg-768x489.webp 768w, https:\/\/circulopolar.cl\/wp-content\/uploads\/2025\/01\/ANIVERSARIOFCP-2024-38.jpg-1536x977.webp 1536w, https:\/\/circulopolar.cl\/wp-content\/uploads\/2025\/01\/ANIVERSARIOFCP-2024-38.jpg.webp 1600w\" sizes=\"(max-width: 1024px) 100vw, 1024px\" \/>\t\t\t\t\t<\/a>\n\t\t\t\t\t\t\t\t\t<\/div>\n\t\t\t\t\t\t<div class=\"ha-pg-content-area\">\n\n\t\t\t\t<h4 class=\"ha-pg-title\"><a href=\"https:\/\/circulopolar.cl\/index.php\/2024\/10\/19\/celebracion-de-nuestro-aniversario\/\">Celebraci\u00f3n de nuestro Aniversario<\/a><\/h4>\n\t\t\t\t\t\t\t<div class=\"ha-pg-meta-wrap\">\n\t\t\t\t<ul>\n\t\t\t\t\t\t\t\t\t\t\t\t\t\t\t\t<li class=\"ha-pg-date\">\n\t\t\t\t\t\t\t\t\t<a class=\"ha-pg-date-text\" href=\"https:\/\/circulopolar.cl\/index.php\/2024\/10\/19\/\">\n\t\t\t\t\t\t\t<svg xmlns=\"http:\/\/www.w3.org\/2000\/svg\" width=\"32\" height=\"32\" viewBox=\"0 0 32 32\"><path d=\"M32 16c0 8.8-7.2 16-16 16S0 24.8 0 16 7.2 0 16 0 32 7.2 32 16zM22.2 19.5c0-0.3-0.2-0.6-0.4-0.8L18.1 16V6.7c0-0.6-0.5-1-1-1H15c-0.6 0-1 0.5-1 1v10 0c0 0.7 0.4 1.6 1 2l4.3 3.2c0.2 0.1 0.4 0.2 0.6 0.2 0.3 0 0.6-0.2 0.8-0.4l1.3-1.6C22.1 20 22.2 19.7 22.2 19.5z\"\/><\/svg>\n\t\t\t\t\t\t19 de October de 2024\t\t<\/a>\n\t\t\t\t\t\t\t\t<\/li>\n\t\t\t\t\t\t\t\t\t\t\t\t\t\t<\/ul>\n\t\t\t<\/div>\n\t\t\n\t\t\t\t\t\t\t<div class=\"ha-pg-excerpt\">\n\t\t\t\t<p>Emocionante celebraci\u00f3n de nuestro aniversario que incluy\u00f3 a pacientes y sus apoyos, organizaciones amigas, investigadoras&hellip;<\/p>\t\t\t<\/div>\n\t\t\n\t\t\t\t<div class=\"ha-pg-readmore\"><a href=\"https:\/\/circulopolar.cl\/index.php\/2024\/10\/19\/celebracion-de-nuestro-aniversario\/\" target=\"_blank\">Continuar leyendo \u00bb<\/a><\/div>\t\t\t<\/div>\n\t\t<\/div>\n\t\n\t\t\t\t\t\n\t\t\t\t\t\t\t\t<div class=\"ha-pg-item\">\n\t\t\t\t\t\t\t<div class=\"ha-pg-thumb-area\">\n\t\t\t\t\t<a href=\"https:\/\/circulopolar.cl\/index.php\/2024\/10\/10\/ceremonia-de-cierre-del-programa-monitores-de-bienestar-carozzi\/\" class=\"ha-pg-thumb\">\n\t\t\t\t\t\t<img loading=\"lazy\" decoding=\"async\" width=\"1024\" height=\"684\" src=\"https:\/\/circulopolar.cl\/wp-content\/uploads\/2024\/10\/Cierre-Carozzi-portada-1024x684.webp\" class=\"attachment-large size-large wp-post-image\" alt=\"\" srcset=\"https:\/\/circulopolar.cl\/wp-content\/uploads\/2024\/10\/Cierre-Carozzi-portada-1024x684.webp 1024w, https:\/\/circulopolar.cl\/wp-content\/uploads\/2024\/10\/Cierre-Carozzi-portada-300x200.webp 300w, https:\/\/circulopolar.cl\/wp-content\/uploads\/2024\/10\/Cierre-Carozzi-portada-768x513.webp 768w, https:\/\/circulopolar.cl\/wp-content\/uploads\/2024\/10\/Cierre-Carozzi-portada.webp 1200w\" sizes=\"(max-width: 1024px) 100vw, 1024px\" \/>\t\t\t\t\t<\/a>\n\t\t\t\t\t\t\t\t\t<\/div>\n\t\t\t\t\t\t<div class=\"ha-pg-content-area\">\n\n\t\t\t\t<h4 class=\"ha-pg-title\"><a href=\"https:\/\/circulopolar.cl\/index.php\/2024\/10\/10\/ceremonia-de-cierre-del-programa-monitores-de-bienestar-carozzi\/\">Ceremonia de cierre del programa Monitores de Bienestar \u2013 Carozzi<\/a><\/h4>\n\t\t\t\t\t\t\t<div class=\"ha-pg-meta-wrap\">\n\t\t\t\t<ul>\n\t\t\t\t\t\t\t\t\t\t\t\t\t\t\t\t<li class=\"ha-pg-date\">\n\t\t\t\t\t\t\t\t\t<a class=\"ha-pg-date-text\" href=\"https:\/\/circulopolar.cl\/index.php\/2024\/10\/10\/\">\n\t\t\t\t\t\t\t<svg xmlns=\"http:\/\/www.w3.org\/2000\/svg\" width=\"32\" height=\"32\" viewBox=\"0 0 32 32\"><path d=\"M32 16c0 8.8-7.2 16-16 16S0 24.8 0 16 7.2 0 16 0 32 7.2 32 16zM22.2 19.5c0-0.3-0.2-0.6-0.4-0.8L18.1 16V6.7c0-0.6-0.5-1-1-1H15c-0.6 0-1 0.5-1 1v10 0c0 0.7 0.4 1.6 1 2l4.3 3.2c0.2 0.1 0.4 0.2 0.6 0.2 0.3 0 0.6-0.2 0.8-0.4l1.3-1.6C22.1 20 22.2 19.7 22.2 19.5z\"\/><\/svg>\n\t\t\t\t\t\t10 de October de 2024\t\t<\/a>\n\t\t\t\t\t\t\t\t<\/li>\n\t\t\t\t\t\t\t\t\t\t\t\t\t\t<\/ul>\n\t\t\t<\/div>\n\t\t\n\t\t\t\t\t\t\t<div class=\"ha-pg-excerpt\">\n\t\t\t\t<p>Un maravilloso cierre para nuestro programa \u201cMonitores de Bienestar&nbsp; 2024\u201d en Empresas Carozzi S.A. Este&hellip;<\/p>\t\t\t<\/div>\n\t\t\n\t\t\t\t<div class=\"ha-pg-readmore\"><a href=\"https:\/\/circulopolar.cl\/index.php\/2024\/10\/10\/ceremonia-de-cierre-del-programa-monitores-de-bienestar-carozzi\/\" target=\"_blank\">Continuar leyendo \u00bb<\/a><\/div>\t\t\t<\/div>\n\t\t<\/div>\n\t\n\t\t\t\t\t\n\t\t\t\t\t\t\t\t<div class=\"ha-pg-item\">\n\t\t\t\t\t\t\t<div class=\"ha-pg-thumb-area\">\n\t\t\t\t\t<a href=\"https:\/\/circulopolar.cl\/index.php\/2024\/08\/30\/caso-de-exito-monitores-de-bienestar-cchc-2024\/\" class=\"ha-pg-thumb\">\n\t\t\t\t\t\t<img loading=\"lazy\" decoding=\"async\" width=\"800\" height=\"534\" src=\"https:\/\/circulopolar.cl\/wp-content\/uploads\/2025\/01\/CertifiacionCchc29agosto-1.jpg\" class=\"attachment-large size-large wp-post-image\" alt=\"\" srcset=\"https:\/\/circulopolar.cl\/wp-content\/uploads\/2025\/01\/CertifiacionCchc29agosto-1.jpg 800w, https:\/\/circulopolar.cl\/wp-content\/uploads\/2025\/01\/CertifiacionCchc29agosto-1-300x200.jpg 300w, https:\/\/circulopolar.cl\/wp-content\/uploads\/2025\/01\/CertifiacionCchc29agosto-1-768x513.jpg 768w\" sizes=\"(max-width: 800px) 100vw, 800px\" \/>\t\t\t\t\t<\/a>\n\t\t\t\t\t\t\t\t\t<\/div>\n\t\t\t\t\t\t<div class=\"ha-pg-content-area\">\n\n\t\t\t\t<h4 class=\"ha-pg-title\"><a href=\"https:\/\/circulopolar.cl\/index.php\/2024\/08\/30\/caso-de-exito-monitores-de-bienestar-cchc-2024\/\">Caso de \u00e9xito &#8211; Monitores de Bienestar \u2013 CCHC 2024<\/a><\/h4>\n\t\t\t\t\t\t\t<div class=\"ha-pg-meta-wrap\">\n\t\t\t\t<ul>\n\t\t\t\t\t\t\t\t\t\t\t\t\t\t\t\t<li class=\"ha-pg-date\">\n\t\t\t\t\t\t\t\t\t<a class=\"ha-pg-date-text\" href=\"https:\/\/circulopolar.cl\/index.php\/2024\/08\/30\/\">\n\t\t\t\t\t\t\t<svg xmlns=\"http:\/\/www.w3.org\/2000\/svg\" width=\"32\" height=\"32\" viewBox=\"0 0 32 32\"><path d=\"M32 16c0 8.8-7.2 16-16 16S0 24.8 0 16 7.2 0 16 0 32 7.2 32 16zM22.2 19.5c0-0.3-0.2-0.6-0.4-0.8L18.1 16V6.7c0-0.6-0.5-1-1-1H15c-0.6 0-1 0.5-1 1v10 0c0 0.7 0.4 1.6 1 2l4.3 3.2c0.2 0.1 0.4 0.2 0.6 0.2 0.3 0 0.6-0.2 0.8-0.4l1.3-1.6C22.1 20 22.2 19.7 22.2 19.5z\"\/><\/svg>\n\t\t\t\t\t\t30 de August de 2024\t\t<\/a>\n\t\t\t\t\t\t\t\t<\/li>\n\t\t\t\t\t\t\t\t\t\t\t\t\t\t<\/ul>\n\t\t\t<\/div>\n\t\t\n\t\t\t\t\t\t\t<div class=\"ha-pg-excerpt\">\n\t\t\t\t<p>En Fundaci\u00f3n C\u00edrculo Polar nos propusimos poner a disposici\u00f3n de la comunidad toda nuestra experiencia&hellip;<\/p>\t\t\t<\/div>\n\t\t\n\t\t\t\t<div class=\"ha-pg-readmore\"><a href=\"https:\/\/circulopolar.cl\/index.php\/2024\/08\/30\/caso-de-exito-monitores-de-bienestar-cchc-2024\/\" target=\"_blank\">Continuar leyendo \u00bb<\/a><\/div>\t\t\t<\/div>\n\t\t<\/div>\n\t\n\t\t\t\t\t\n\t\t\t\t\t\t\t\t<div class=\"ha-pg-item\">\n\t\t\t\t\t\t\t<div class=\"ha-pg-thumb-area\">\n\t\t\t\t\t<a href=\"https:\/\/circulopolar.cl\/index.php\/2024\/08\/22\/xii-jornada-internacional-sochitab-2024\/\" class=\"ha-pg-thumb\">\n\t\t\t\t\t\t<img loading=\"lazy\" decoding=\"async\" width=\"1024\" height=\"684\" src=\"https:\/\/circulopolar.cl\/wp-content\/uploads\/2024\/09\/XII-Jornada-Internacional-SOCHITAB-2024-blog-1024x684.webp\" class=\"attachment-large size-large wp-post-image\" alt=\"\" srcset=\"https:\/\/circulopolar.cl\/wp-content\/uploads\/2024\/09\/XII-Jornada-Internacional-SOCHITAB-2024-blog-1024x684.webp 1024w, https:\/\/circulopolar.cl\/wp-content\/uploads\/2024\/09\/XII-Jornada-Internacional-SOCHITAB-2024-blog-300x200.webp 300w, https:\/\/circulopolar.cl\/wp-content\/uploads\/2024\/09\/XII-Jornada-Internacional-SOCHITAB-2024-blog-768x513.webp 768w, https:\/\/circulopolar.cl\/wp-content\/uploads\/2024\/09\/XII-Jornada-Internacional-SOCHITAB-2024-blog-1536x1025.webp 1536w, https:\/\/circulopolar.cl\/wp-content\/uploads\/2024\/09\/XII-Jornada-Internacional-SOCHITAB-2024-blog.webp 2000w\" sizes=\"(max-width: 1024px) 100vw, 1024px\" \/>\t\t\t\t\t<\/a>\n\t\t\t\t\t\t\t\t\t<\/div>\n\t\t\t\t\t\t<div class=\"ha-pg-content-area\">\n\n\t\t\t\t<h4 class=\"ha-pg-title\"><a href=\"https:\/\/circulopolar.cl\/index.php\/2024\/08\/22\/xii-jornada-internacional-sochitab-2024\/\">XII Jornada Internacional SOCHITAB 2024<\/a><\/h4>\n\t\t\t\t\t\t\t<div class=\"ha-pg-meta-wrap\">\n\t\t\t\t<ul>\n\t\t\t\t\t\t\t\t\t\t\t\t\t\t\t\t<li class=\"ha-pg-date\">\n\t\t\t\t\t\t\t\t\t<a class=\"ha-pg-date-text\" href=\"https:\/\/circulopolar.cl\/index.php\/2024\/08\/22\/\">\n\t\t\t\t\t\t\t<svg xmlns=\"http:\/\/www.w3.org\/2000\/svg\" width=\"32\" height=\"32\" viewBox=\"0 0 32 32\"><path d=\"M32 16c0 8.8-7.2 16-16 16S0 24.8 0 16 7.2 0 16 0 32 7.2 32 16zM22.2 19.5c0-0.3-0.2-0.6-0.4-0.8L18.1 16V6.7c0-0.6-0.5-1-1-1H15c-0.6 0-1 0.5-1 1v10 0c0 0.7 0.4 1.6 1 2l4.3 3.2c0.2 0.1 0.4 0.2 0.6 0.2 0.3 0 0.6-0.2 0.8-0.4l1.3-1.6C22.1 20 22.2 19.7 22.2 19.5z\"\/><\/svg>\n\t\t\t\t\t\t22 de August de 2024\t\t<\/a>\n\t\t\t\t\t\t\t\t<\/li>\n\t\t\t\t\t\t\t\t\t\t\t\t\t\t<\/ul>\n\t\t\t<\/div>\n\t\t\n\t\t\t\t\t\t\t<div class=\"ha-pg-excerpt\">\n\t\t\t\t<p>Hemos cerrado nuestra participaci\u00f3n en la XII Jornada Internacional&nbsp;SOCHITAB, uno de los congresos m\u00e1s importantes&hellip;<\/p>\t\t\t<\/div>\n\t\t\n\t\t\t\t<div class=\"ha-pg-readmore\"><a href=\"https:\/\/circulopolar.cl\/index.php\/2024\/08\/22\/xii-jornada-internacional-sochitab-2024\/\" target=\"_blank\">Continuar leyendo \u00bb<\/a><\/div>\t\t\t<\/div>\n\t\t<\/div>\n\t\n\t\t\t\t\t\n\t\t\t\t\t\t\t\t<div class=\"ha-pg-item\">\n\t\t\t\t\t\t\t<div class=\"ha-pg-thumb-area\">\n\t\t\t\t\t<a href=\"https:\/\/circulopolar.cl\/index.php\/2023\/09\/20\/entrevista-buenos-dias-a-todos-tvn\/\" class=\"ha-pg-thumb\">\n\t\t\t\t\t\t<img loading=\"lazy\" decoding=\"async\" width=\"600\" height=\"338\" src=\"https:\/\/circulopolar.cl\/wp-content\/uploads\/2023\/09\/tvn-trastorno-bipolar-min-1536x864-1.jpg\" class=\"attachment-large size-large wp-post-image\" alt=\"\" srcset=\"https:\/\/circulopolar.cl\/wp-content\/uploads\/2023\/09\/tvn-trastorno-bipolar-min-1536x864-1.jpg 600w, https:\/\/circulopolar.cl\/wp-content\/uploads\/2023\/09\/tvn-trastorno-bipolar-min-1536x864-1-300x169.jpg 300w\" sizes=\"(max-width: 600px) 100vw, 600px\" \/>\t\t\t\t\t<\/a>\n\t\t\t\t\t\t\t\t\t<\/div>\n\t\t\t\t\t\t<div class=\"ha-pg-content-area\">\n\n\t\t\t\t<h4 class=\"ha-pg-title\"><a href=\"https:\/\/circulopolar.cl\/index.php\/2023\/09\/20\/entrevista-buenos-dias-a-todos-tvn\/\">Entrevista Buenos d\u00edas a todos TVN<\/a><\/h4>\n\t\t\t\t\t\t\t<div class=\"ha-pg-meta-wrap\">\n\t\t\t\t<ul>\n\t\t\t\t\t\t\t\t\t\t\t\t\t\t\t\t<li class=\"ha-pg-date\">\n\t\t\t\t\t\t\t\t\t<a class=\"ha-pg-date-text\" href=\"https:\/\/circulopolar.cl\/index.php\/2023\/09\/20\/\">\n\t\t\t\t\t\t\t<svg xmlns=\"http:\/\/www.w3.org\/2000\/svg\" width=\"32\" height=\"32\" viewBox=\"0 0 32 32\"><path d=\"M32 16c0 8.8-7.2 16-16 16S0 24.8 0 16 7.2 0 16 0 32 7.2 32 16zM22.2 19.5c0-0.3-0.2-0.6-0.4-0.8L18.1 16V6.7c0-0.6-0.5-1-1-1H15c-0.6 0-1 0.5-1 1v10 0c0 0.7 0.4 1.6 1 2l4.3 3.2c0.2 0.1 0.4 0.2 0.6 0.2 0.3 0 0.6-0.2 0.8-0.4l1.3-1.6C22.1 20 22.2 19.7 22.2 19.5z\"\/><\/svg>\n\t\t\t\t\t\t20 de September de 2023\t\t<\/a>\n\t\t\t\t\t\t\t\t<\/li>\n\t\t\t\t\t\t\t\t\t\t\t\t\t\t<\/ul>\n\t\t\t<\/div>\n\t\t\n\t\t\t\t\t\t\t<div class=\"ha-pg-excerpt\">\n\t\t\t\t<p>Agredecemos infinitamente por la oportunidad de hablar sobre el&nbsp;Trastorno An\u00edmico Bipolar en el Programa Buenos&hellip;<\/p>\t\t\t<\/div>\n\t\t\n\t\t\t\t<div class=\"ha-pg-readmore\"><a href=\"https:\/\/circulopolar.cl\/index.php\/2023\/09\/20\/entrevista-buenos-dias-a-todos-tvn\/\" target=\"_blank\">Continuar leyendo \u00bb<\/a><\/div>\t\t\t<\/div>\n\t\t<\/div>\n\t\n\t\t\t\t\t\n\t\t\t\t\t\t\t\t<div class=\"ha-pg-item\">\n\t\t\t\t\t\t\t<div class=\"ha-pg-thumb-area\">\n\t\t\t\t\t<a href=\"https:\/\/circulopolar.cl\/index.php\/2023\/01\/10\/reto-salud-mental\/\" class=\"ha-pg-thumb\">\n\t\t\t\t\t\t<img loading=\"lazy\" decoding=\"async\" width=\"600\" height=\"350\" src=\"https:\/\/circulopolar.cl\/wp-content\/uploads\/2023\/09\/RETO.jpg\" class=\"attachment-large size-large wp-post-image\" alt=\"\" srcset=\"https:\/\/circulopolar.cl\/wp-content\/uploads\/2023\/09\/RETO.jpg 600w, https:\/\/circulopolar.cl\/wp-content\/uploads\/2023\/09\/RETO-300x175.jpg 300w\" sizes=\"(max-width: 600px) 100vw, 600px\" \/>\t\t\t\t\t<\/a>\n\t\t\t\t\t\t\t\t\t<\/div>\n\t\t\t\t\t\t<div class=\"ha-pg-content-area\">\n\n\t\t\t\t<h4 class=\"ha-pg-title\"><a href=\"https:\/\/circulopolar.cl\/index.php\/2023\/01\/10\/reto-salud-mental\/\">Reto Salud Mental<\/a><\/h4>\n\t\t\t\t\t\t\t<div class=\"ha-pg-meta-wrap\">\n\t\t\t\t<ul>\n\t\t\t\t\t\t\t\t\t\t\t\t\t\t\t\t<li class=\"ha-pg-date\">\n\t\t\t\t\t\t\t\t\t<a class=\"ha-pg-date-text\" href=\"https:\/\/circulopolar.cl\/index.php\/2023\/01\/10\/\">\n\t\t\t\t\t\t\t<svg xmlns=\"http:\/\/www.w3.org\/2000\/svg\" width=\"32\" height=\"32\" viewBox=\"0 0 32 32\"><path d=\"M32 16c0 8.8-7.2 16-16 16S0 24.8 0 16 7.2 0 16 0 32 7.2 32 16zM22.2 19.5c0-0.3-0.2-0.6-0.4-0.8L18.1 16V6.7c0-0.6-0.5-1-1-1H15c-0.6 0-1 0.5-1 1v10 0c0 0.7 0.4 1.6 1 2l4.3 3.2c0.2 0.1 0.4 0.2 0.6 0.2 0.3 0 0.6-0.2 0.8-0.4l1.3-1.6C22.1 20 22.2 19.7 22.2 19.5z\"\/><\/svg>\n\t\t\t\t\t\t10 de January de 2023\t\t<\/a>\n\t\t\t\t\t\t\t\t<\/li>\n\t\t\t\t\t\t\t\t\t\t\t\t\t\t<\/ul>\n\t\t\t<\/div>\n\t\t\n\t\t\t\t\t\t\t<div class=\"ha-pg-excerpt\">\n\t\t\t\t<p>Nuestro proyecto piloto \u00abReto Salud Mental\u00bb de Construir Innovando con la CChC (C\u00e1mara Chilena de&hellip;<\/p>\t\t\t<\/div>\n\t\t\n\t\t\t\t<div class=\"ha-pg-readmore\"><a href=\"https:\/\/circulopolar.cl\/index.php\/2023\/01\/10\/reto-salud-mental\/\" target=\"_blank\">Continuar leyendo \u00bb<\/a><\/div>\t\t\t<\/div>\n\t\t<\/div>\n\t\n\t\t\t\t\t\n\t\t\t\t\t\t\t\t<div class=\"ha-pg-item\">\n\t\t\t\t\t\t\t<div class=\"ha-pg-thumb-area\">\n\t\t\t\t\t<a href=\"https:\/\/circulopolar.cl\/index.php\/2023\/01\/09\/lxxvii-congreso-sonepsyn\/\" class=\"ha-pg-thumb\">\n\t\t\t\t\t\t<img loading=\"lazy\" decoding=\"async\" width=\"650\" height=\"433\" src=\"https:\/\/circulopolar.cl\/wp-content\/uploads\/2023\/09\/IMG_8348-min.jpg\" class=\"attachment-large size-large wp-post-image\" alt=\"\" srcset=\"https:\/\/circulopolar.cl\/wp-content\/uploads\/2023\/09\/IMG_8348-min.jpg 650w, https:\/\/circulopolar.cl\/wp-content\/uploads\/2023\/09\/IMG_8348-min-300x200.jpg 300w\" sizes=\"(max-width: 650px) 100vw, 650px\" \/>\t\t\t\t\t<\/a>\n\t\t\t\t\t\t\t\t\t<\/div>\n\t\t\t\t\t\t<div class=\"ha-pg-content-area\">\n\n\t\t\t\t<h4 class=\"ha-pg-title\"><a href=\"https:\/\/circulopolar.cl\/index.php\/2023\/01\/09\/lxxvii-congreso-sonepsyn\/\">LXXVII Congreso\u00a0SONEPSYN<\/a><\/h4>\n\t\t\t\t\t\t\t<div class=\"ha-pg-meta-wrap\">\n\t\t\t\t<ul>\n\t\t\t\t\t\t\t\t\t\t\t\t\t\t\t\t<li class=\"ha-pg-date\">\n\t\t\t\t\t\t\t\t\t<a class=\"ha-pg-date-text\" href=\"https:\/\/circulopolar.cl\/index.php\/2023\/01\/09\/\">\n\t\t\t\t\t\t\t<svg xmlns=\"http:\/\/www.w3.org\/2000\/svg\" width=\"32\" height=\"32\" viewBox=\"0 0 32 32\"><path d=\"M32 16c0 8.8-7.2 16-16 16S0 24.8 0 16 7.2 0 16 0 32 7.2 32 16zM22.2 19.5c0-0.3-0.2-0.6-0.4-0.8L18.1 16V6.7c0-0.6-0.5-1-1-1H15c-0.6 0-1 0.5-1 1v10 0c0 0.7 0.4 1.6 1 2l4.3 3.2c0.2 0.1 0.4 0.2 0.6 0.2 0.3 0 0.6-0.2 0.8-0.4l1.3-1.6C22.1 20 22.2 19.7 22.2 19.5z\"\/><\/svg>\n\t\t\t\t\t\t9 de January de 2023\t\t<\/a>\n\t\t\t\t\t\t\t\t<\/li>\n\t\t\t\t\t\t\t\t\t\t\t\t\t\t<\/ul>\n\t\t\t<\/div>\n\t\t\n\t\t\t\t\t\t\t<div class=\"ha-pg-excerpt\">\n\t\t\t\t<p>La Fundaci\u00f3n C\u00edrculo Polar estuvo presente en el 77\u00b0 Congreso de Psiquiatr\u00eda, Neurolog\u00eda y Neurocirug\u00eda,&hellip;<\/p>\t\t\t<\/div>\n\t\t\n\t\t\t\t<div class=\"ha-pg-readmore\"><a href=\"https:\/\/circulopolar.cl\/index.php\/2023\/01\/09\/lxxvii-congreso-sonepsyn\/\" target=\"_blank\">Continuar leyendo \u00bb<\/a><\/div>\t\t\t<\/div>\n\t\t<\/div>\n\t\n\t\t\t\t\t\t\t\t\t\t\t\t\t\t\t<\/div>\n\t\t\t\t\t\t\t\t\t<\/div>\n\t\t\t\t\t\t\t\t\t<\/div>\n\t\t\t\t<\/div>\n\t\t\t\t\t<\/div>\n\t\t<\/div>\n\t\t\t\t\t<\/div>\n\t\t<\/section>\n\t\t\t\t<section class=\"elementor-section elementor-top-section elementor-element elementor-element-566368d elementor-hidden-desktop elementor-hidden-tablet elementor-hidden-mobile elementor-section-boxed elementor-section-height-default elementor-section-height-default\" data-id=\"566368d\" data-element_type=\"section\" data-settings=\"{&quot;background_background&quot;:&quot;classic&quot;,&quot;_ha_eqh_enable&quot;:false}\">\n\t\t\t\t\t\t\t<div class=\"elementor-background-overlay\"><\/div>\n\t\t\t\t\t\t\t<div class=\"elementor-container elementor-column-gap-no\">\n\t\t\t\t\t<div class=\"elementor-column elementor-col-100 elementor-top-column elementor-element elementor-element-2fde5cc\" data-id=\"2fde5cc\" data-element_type=\"column\">\n\t\t\t<div class=\"elementor-widget-wrap\">\n\t\t\t\t\t\t\t<\/div>\n\t\t<\/div>\n\t\t\t\t\t<\/div>\n\t\t<\/section>\n\t\t\t\t<\/div>\n\t\t","protected":false},"excerpt":{"rendered":"<p>Noticias IV Taller Latinoamericano de Investigaci\u00f3n en Depresi\u00f3n 14 de noviembre de 2024 IV Taller Latinoamericano de Investigaci\u00f3n en Depresi\u00f3n organizado por el Instituto MIDAP en Pontificia Universidad&hellip; Continuar leyendo \u00bb Ceremonia de cierre del programa Monitores de Bienestar \u2013 Carozzi 10 de octubre de 2024 Un maravilloso cierre para nuestro programa \u201cMonitores de Bienestar&nbsp; [&hellip;]<\/p>\n","protected":false},"author":1,"featured_media":0,"parent":0,"menu_order":0,"comment_status":"closed","ping_status":"closed","template":"","meta":{"site-sidebar-layout":"no-sidebar","site-content-layout":"page-builder","ast-site-content-layout":"full-width-container","site-content-style":"unboxed","site-sidebar-style":"unboxed","ast-global-header-display":"","ast-banner-title-visibility":"","ast-main-header-display":"","ast-hfb-above-header-display":"","ast-hfb-below-header-display":"","ast-hfb-mobile-header-display":"","site-post-title":"disabled","ast-breadcrumbs-content":"disabled","ast-featured-img":"","footer-sml-layout":"","theme-transparent-header-meta":"enabled","adv-header-id-meta":"","stick-header-meta":"","header-above-stick-meta":"","header-main-stick-meta":"","header-below-stick-meta":"","astra-migrate-meta-layouts":"set","ast-page-background-enabled":"default","ast-page-background-meta":{"desktop":{"background-color":"","background-image":"","background-repeat":"repeat","background-position":"center center","background-size":"auto","background-attachment":"scroll","background-type":"","background-media":"","overlay-type":"","overlay-color":"","overlay-opacity":"","overlay-gradient":""},"tablet":{"background-color":"","background-image":"","background-repeat":"repeat","background-position":"center center","background-size":"auto","background-attachment":"scroll","background-type":"","background-media":"","overlay-type":"","overlay-color":"","overlay-opacity":"","overlay-gradient":""},"mobile":{"background-color":"","background-image":"","background-repeat":"repeat","background-position":"center center","background-size":"auto","background-attachment":"scroll","background-type":"","background-media":"","overlay-type":"","overlay-color":"","overlay-opacity":"","overlay-gradient":""}},"ast-content-background-meta":{"desktop":{"background-color":"var(--ast-global-color-5)","background-image":"","background-repeat":"repeat","background-position":"center center","background-size":"auto","background-attachment":"scroll","background-type":"","background-media":"","overlay-type":"","overlay-color":"","overlay-opacity":"","overlay-gradient":""},"tablet":{"background-color":"var(--ast-global-color-5)","background-image":"","background-repeat":"repeat","background-position":"center center","background-size":"auto","background-attachment":"scroll","background-type":"","background-media":"","overlay-type":"","overlay-color":"","overlay-opacity":"","overlay-gradient":""},"mobile":{"background-color":"var(--ast-global-color-5)","background-image":"","background-repeat":"repeat","background-position":"center center","background-size":"auto","background-attachment":"scroll","background-type":"","background-media":"","overlay-type":"","overlay-color":"","overlay-opacity":"","overlay-gradient":""}},"footnotes":""},"_links":{"self":[{"href":"https:\/\/circulopolar.cl\/index.php\/wp-json\/wp\/v2\/pages\/2070"}],"collection":[{"href":"https:\/\/circulopolar.cl\/index.php\/wp-json\/wp\/v2\/pages"}],"about":[{"href":"https:\/\/circulopolar.cl\/index.php\/wp-json\/wp\/v2\/types\/page"}],"author":[{"embeddable":true,"href":"https:\/\/circulopolar.cl\/index.php\/wp-json\/wp\/v2\/users\/1"}],"replies":[{"embeddable":true,"href":"https:\/\/circulopolar.cl\/index.php\/wp-json\/wp\/v2\/comments?post=2070"}],"version-history":[{"count":18,"href":"https:\/\/circulopolar.cl\/index.php\/wp-json\/wp\/v2\/pages\/2070\/revisions"}],"predecessor-version":[{"id":2114,"href":"https:\/\/circulopolar.cl\/index.php\/wp-json\/wp\/v2\/pages\/2070\/revisions\/2114"}],"wp:attachment":[{"href":"https:\/\/circulopolar.cl\/index.php\/wp-json\/wp\/v2\/media?parent=2070"}],"curies":[{"name":"wp","href":"https:\/\/api.w.org\/{rel}","templated":true}]}}