{"id":1493,"date":"2024-05-06T22:25:15","date_gmt":"2024-05-06T20:25:15","guid":{"rendered":"https:\/\/circulopolar.cl\/?page_id=1493"},"modified":"2025-02-28T15:49:57","modified_gmt":"2025-02-28T14:49:57","slug":"historia","status":"publish","type":"page","link":"https:\/\/circulopolar.cl\/index.php\/historia\/","title":{"rendered":"Historia"},"content":{"rendered":"\t\t<div data-elementor-type=\"wp-page\" data-elementor-id=\"1493\" class=\"elementor elementor-1493\" data-elementor-settings=\"{&quot;ha_cmc_init_switcher&quot;:&quot;no&quot;}\" data-elementor-post-type=\"page\">\n\t\t\t\t\t\t<section data-ha-partstyle=\"nasa\" data-ha-partcolor=\"\" data-ha-partopacity=\"0.2\" data-ha-partdirection=\"bottom\" class=\"elementor-section elementor-top-section elementor-element elementor-element-411b339 ha-particle-yes elementor-section-boxed elementor-section-height-default elementor-section-height-default ha-particle-adv-no\" data-id=\"411b339\" data-element_type=\"section\" data-settings=\"{&quot;background_background&quot;:&quot;classic&quot;,&quot;_ha_eqh_enable&quot;:false}\">\n\t\t\t\t\t\t\t<div class=\"elementor-background-overlay\"><\/div>\n\t\t\t\t\t\t\t<div class=\"elementor-container elementor-column-gap-no\">\n\t\t\t\t\t<div class=\"elementor-column elementor-col-100 elementor-top-column elementor-element elementor-element-3165807\" data-id=\"3165807\" data-element_type=\"column\">\n\t\t\t<div class=\"elementor-widget-wrap elementor-element-populated\">\n\t\t\t\t\t\t<div class=\"elementor-element elementor-element-61a3d6c6 elementor-widget elementor-widget-heading\" data-id=\"61a3d6c6\" data-element_type=\"widget\" data-widget_type=\"heading.default\">\n\t\t\t\t<div class=\"elementor-widget-container\">\n\t\t\t\t\t<h1 class=\"elementor-heading-title elementor-size-default\">Historia<\/h1>\t\t\t\t<\/div>\n\t\t\t\t<\/div>\n\t\t\t\t\t<\/div>\n\t\t<\/div>\n\t\t\t\t\t<\/div>\n\t\t<\/section>\n\t\t\t\t<section class=\"elementor-section elementor-top-section elementor-element elementor-element-376f5d4a elementor-section-boxed elementor-section-height-default elementor-section-height-default\" data-id=\"376f5d4a\" data-element_type=\"section\" data-settings=\"{&quot;background_background&quot;:&quot;classic&quot;,&quot;_ha_eqh_enable&quot;:false}\">\n\t\t\t\t\t\t\t<div class=\"elementor-background-overlay\"><\/div>\n\t\t\t\t\t\t\t<div class=\"elementor-container elementor-column-gap-no\">\n\t\t\t\t\t<div class=\"elementor-column elementor-col-100 elementor-top-column elementor-element elementor-element-af3e1db\" data-id=\"af3e1db\" data-element_type=\"column\">\n\t\t\t<div class=\"elementor-widget-wrap elementor-element-populated\">\n\t\t\t\t\t\t<div class=\"elementor-element elementor-element-a29bcde ha-timeline-icon-box-vertical-align-center ha-timeline-align-left elementor-widget elementor-widget-ha-timeline happy-addon ha-timeline happy-addon-pro\" data-id=\"a29bcde\" data-element_type=\"widget\" data-widget_type=\"ha-timeline.default\">\n\t\t\t\t<div class=\"elementor-widget-container\">\n\t\t\t\t\t\t\t<div class=\"ha-timeline-wrap\" data-scroll=\"yes\">\n\t\t\t\t\t\t\t\t\t\t<div class=\"ha-timeline-block elementor-repeater-item-9600509\">\n\t\t\t\t\t<div class=\"ha-timeline-icon-box align-center\">\n\t\t\t\t\t\t<div class=\"ha-timeline-icon\">\n\t\t\t\t\t\t\t<i aria-hidden=\"true\" class=\"fas fa-calendar-alt\"><\/i>\t\t\t\t\t\t\t\t\t\t\t\t\t\t\t<span class=\"ha-timeline-date ha-timeline-date-desktop\">\n\t\t\t\t\t\t\t\t\t<span class=\"date\">2018<\/span>\t\t\t\t\t\t\t\t<\/span>\n\t\t\t\t\t\t\t\t\t\t\t\t\t<\/div>\n\t\t\t\t\t\t<div class=\"ha-timeline-tree\">\n\t\t\t\t\t\t\t\t\t\t\t\t\t\t<div class=\"ha-timeline-tree-inner\"><\/div>\n\t\t\t\t\t\t\t\t\t\t\t\t\t<\/div>\n\t\t\t\t\t<\/div>\n\t\t\t\t\t<div class=\"ha-timeline-content arrow\"\">\n\t\t\t\t\t\t\t\t\t\t\t<span class=\"ha-timeline-date ha-timeline-date-tablet\">\n\t\t\t\t\t\t\t<span class=\"date\">2018<\/span>\t\t\t\t\t\t<\/span>\n\t\t\t\t\t\t\t\t\t\t\t\t\t\t\t<div class=\"ha-timeline-content-text\"><p>Tras una constante b\u00fasqueda de respuestas, estrategias y formas de enfrentar el sufrimiento que nos provocaba tener bipolaridad, nos acercamos a fines de 2018 a sesiones de psicoeducaci\u00f3n, tras una invitaci\u00f3n de la Asociaci\u00f3n Chilena de Bipolares (SOCHITAB).<br \/>Hab\u00eda un grupo de pacientes bipolares y de sus familiares, que ah\u00ed reunidos, nos vinculamos para comenzar un trabajo por el bienestar, que a\u00fan no termina. No est\u00e1bamos solos en esto.<br \/>Las reuniones fueron dirigidas por el entonces presidente de la instituci\u00f3n, el psiquiatra Jorge Cabrera, quien nos dio a conocer la importancia de comprender los s\u00edntomas de la bipolaridad, posibles tratamientos desde disciplinas m\u00e9dicas y psicoterap\u00e9uticas, como tambi\u00e9n estrategias que pod\u00edamos adquirir para un manejo m\u00e1s personal y aut\u00f3nomo del trastorno an\u00edmico bipolar (TAB).<\/p><\/div>\t\t\t\t<\/div>\n\t\t\t\t<\/div>\n\t\t\t\t\t\t\t\t\t\t\t<div class=\"ha-timeline-block elementor-repeater-item-34b6395\">\n\t\t\t\t\t<div class=\"ha-timeline-icon-box align-center\">\n\t\t\t\t\t\t<div class=\"ha-timeline-icon\">\n\t\t\t\t\t\t\t<i aria-hidden=\"true\" class=\"fas fa-calendar-alt\"><\/i>\t\t\t\t\t\t\t\t\t\t\t\t\t\t\t<span class=\"ha-timeline-date ha-timeline-date-desktop\">\n\t\t\t\t\t\t\t\t\t<span class=\"date\">2019<\/span>\t\t\t\t\t\t\t\t<\/span>\n\t\t\t\t\t\t\t\t\t\t\t\t\t<\/div>\n\t\t\t\t\t\t<div class=\"ha-timeline-tree\">\n\t\t\t\t\t\t\t\t\t\t\t\t\t\t<div class=\"ha-timeline-tree-inner\"><\/div>\n\t\t\t\t\t\t\t\t\t\t\t\t\t<\/div>\n\t\t\t\t\t<\/div>\n\t\t\t\t\t<div class=\"ha-timeline-content arrow ha-timeline-content arrow\"\">\n\t\t\t\t\t\t\t\t\t\t\t<span class=\"ha-timeline-date ha-timeline-date-tablet\">\n\t\t\t\t\t\t\t<span class=\"date\">2019<\/span>\t\t\t\t\t\t<\/span>\n\t\t\t\t\t\t\t\t\t\t\t\t\t\t\t<div class=\"ha-timeline-content-text\"><p>Pacientes bipolares con nuestros familiares, nos unimos para formar una comunidad que se dedique a psicoeducar, apoyarnos entre nosotros y ser un catalizador social que borre los estigmas que recaen sobre personas afectadas en su salud mental. Sochitab, a su vez, se uni\u00f3 a nuestra iniciativa para brindarnos charlas gratuitas de psicoeducaci\u00f3n. As\u00ed empezamos nuestro programa de psicoeducaci\u00f3n de forma presencial y luego pasamos a la modalidad virtual, post pandemia.<\/p><\/div>\t\t\t\t<\/div>\n\t\t\t\t<\/div>\n\t\t\t\t\t\t\t\t\t\t\t<div class=\"ha-timeline-block elementor-repeater-item-f49c639\">\n\t\t\t\t\t<div class=\"ha-timeline-icon-box align-center\">\n\t\t\t\t\t\t<div class=\"ha-timeline-icon\">\n\t\t\t\t\t\t\t<i aria-hidden=\"true\" class=\"fas fa-calendar-alt\"><\/i>\t\t\t\t\t\t\t\t\t\t\t\t\t\t\t<span class=\"ha-timeline-date ha-timeline-date-desktop\">\n\t\t\t\t\t\t\t\t\t<span class=\"date\">2020<\/span>\t\t\t\t\t\t\t\t<\/span>\n\t\t\t\t\t\t\t\t\t\t\t\t\t<\/div>\n\t\t\t\t\t\t<div class=\"ha-timeline-tree\">\n\t\t\t\t\t\t\t\t\t\t\t\t\t\t<div class=\"ha-timeline-tree-inner\"><\/div>\n\t\t\t\t\t\t\t\t\t\t\t\t\t<\/div>\n\t\t\t\t\t<\/div>\n\t\t\t\t\t<div class=\"ha-timeline-content arrow ha-timeline-content arrow ha-timeline-content arrow\"\">\n\t\t\t\t\t\t\t\t\t\t\t<span class=\"ha-timeline-date ha-timeline-date-tablet\">\n\t\t\t\t\t\t\t<span class=\"date\">2020<\/span>\t\t\t\t\t\t<\/span>\n\t\t\t\t\t\t\t\t\t\t\t\t\t\t\t<div class=\"ha-timeline-content-text\"><p>Nos constituimos como fundaci\u00f3n sin fines de lucro en un desafiante a\u00f1o, cuando la pandemia por COVID-19 fue declarada a nivel mundial. Se enfrentaba una situaci\u00f3n que afectaba de forma transversal a todos y que era una amenaza para la salud mental de las personas.<br \/>Desarrollamos programas gratuitos de psicoeducaci\u00f3n dictados por expertos de la salud. Abrimos espacios seguros y de respeto para la escucha de experiencias, dudas e inquietudes, a trav\u00e9s de coloquios para pacientes y familiares TAB, y miembros de la fundaci\u00f3n.<br \/>Se realizaron talleres, alianzas, participamos en mesas de trabajo sobre salud mental y alcanzamos en un a\u00f1o cifras importantes de participantes, que fueron el mejor fundamento de la necesidad de nuestra existencia.<\/p><ul><li>25 colaboradores (equipo permanente y voluntarios)<\/li><li>20 C\u00edrculos de apoyo (grupos de Whatsapp)<\/li><li>1.800 personas en listas de difusi\u00f3n<br \/><em>*Resumen completo en Memoria publicada en la secci\u00f3n de \u201cTransparencia\u201d.<\/em><\/li><\/ul><\/div>\t\t\t\t<\/div>\n\t\t\t\t<\/div>\n\t\t\t\t\t\t\t\t\t\t\t<div class=\"ha-timeline-block elementor-repeater-item-d18b802\">\n\t\t\t\t\t<div class=\"ha-timeline-icon-box align-center\">\n\t\t\t\t\t\t<div class=\"ha-timeline-icon\">\n\t\t\t\t\t\t\t<i aria-hidden=\"true\" class=\"fas fa-calendar-alt\"><\/i>\t\t\t\t\t\t\t\t\t\t\t\t\t\t\t<span class=\"ha-timeline-date ha-timeline-date-desktop\">\n\t\t\t\t\t\t\t\t\t<span class=\"date\">2021<\/span>\t\t\t\t\t\t\t\t<\/span>\n\t\t\t\t\t\t\t\t\t\t\t\t\t<\/div>\n\t\t\t\t\t\t<div class=\"ha-timeline-tree\">\n\t\t\t\t\t\t\t\t\t\t\t\t\t\t<div class=\"ha-timeline-tree-inner\"><\/div>\n\t\t\t\t\t\t\t\t\t\t\t\t\t<\/div>\n\t\t\t\t\t<\/div>\n\t\t\t\t\t<div class=\"ha-timeline-content arrow ha-timeline-content arrow ha-timeline-content arrow ha-timeline-content arrow\"\">\n\t\t\t\t\t\t\t\t\t\t\t<span class=\"ha-timeline-date ha-timeline-date-tablet\">\n\t\t\t\t\t\t\t<span class=\"date\">2021<\/span>\t\t\t\t\t\t<\/span>\n\t\t\t\t\t\t\t\t\t\t\t\t\t\t\t<div class=\"ha-timeline-content-text\"><p>Fue un a\u00f1o de resiliencia, a\u00fan en plena pandemia, en el cual nos fuimos validando como fundaci\u00f3n ante la sociedad. Integramos mesas de trabajos en Red Salud Mental es Salud, Red de Equipos de Prevenci\u00f3n del Suicidio (REPS), creamos e implementamos los C\u00edrculos de Apoyo a Pares (CAPs).<\/p><p>Tambi\u00e9n fue el a\u00f1o en que abrimos nuestro espectro de atenci\u00f3n y acci\u00f3n para acoger, no solo a personas con bipolaridad, sino tambi\u00e9n a quienes padecen otros des\u00f3rdenes del \u00e1nimo, como el trastorno depresivo. Basados en extensos estudios cient\u00edficos que muestran c\u00f3mo hay mucho en com\u00fan.<\/p><ul><li>50 colaboradores (equipo permanente y voluntarios)<\/li><li>3.000 personas en listas de difusi\u00f3n<\/li><li>Nuestros primeros C\u00edrculos de Apoyo formalmente implementados (Grupos deapoyo)<br \/><em>*Resumen completo en Memoria publicada en la secci\u00f3n de \u201cTransparencia\u201d.<\/em><\/li><\/ul><\/div>\t\t\t\t<\/div>\n\t\t\t\t<\/div>\n\t\t\t\t\t\t\t\t\t\t\t<div class=\"ha-timeline-block elementor-repeater-item-a78f479\">\n\t\t\t\t\t<div class=\"ha-timeline-icon-box align-center\">\n\t\t\t\t\t\t<div class=\"ha-timeline-icon\">\n\t\t\t\t\t\t\t<i aria-hidden=\"true\" class=\"fas fa-calendar-alt\"><\/i>\t\t\t\t\t\t\t\t\t\t\t\t\t\t\t<span class=\"ha-timeline-date ha-timeline-date-desktop\">\n\t\t\t\t\t\t\t\t\t<span class=\"date\">2022<\/span>\t\t\t\t\t\t\t\t<\/span>\n\t\t\t\t\t\t\t\t\t\t\t\t\t<\/div>\n\t\t\t\t\t\t<div class=\"ha-timeline-tree\">\n\t\t\t\t\t\t\t\t\t\t\t\t\t\t<div class=\"ha-timeline-tree-inner\"><\/div>\n\t\t\t\t\t\t\t\t\t\t\t\t\t<\/div>\n\t\t\t\t\t<\/div>\n\t\t\t\t\t<div class=\"ha-timeline-content arrow ha-timeline-content arrow ha-timeline-content arrow ha-timeline-content arrow ha-timeline-content arrow\"\">\n\t\t\t\t\t\t\t\t\t\t\t<span class=\"ha-timeline-date ha-timeline-date-tablet\">\n\t\t\t\t\t\t\t<span class=\"date\">2022<\/span>\t\t\t\t\t\t<\/span>\n\t\t\t\t\t\t\t\t\t\t\t\t\t\t\t<div class=\"ha-timeline-content-text\"><p>Integrantes de nuestro equipo estuvieron presentes en mesas pol\u00edticas como CONAPREM, COREPREM y el Primer Consejo Asesor de Salud Mental del Minsal para trabajar en leyes que protegen a los pacientes.<br \/>Tambi\u00e9n seguimos en alianza con la Red cient\u00edfica Salud Mental es Salud, entre otros v\u00ednculos sociales que se han ido fortaleciendo y consolidando.<br \/>Trabajamos por la inclusi\u00f3n laboral en un proyecto pionero en Chile, realizado en conjunto con la C\u00e1mara Chilena de Construcci\u00f3n.<br \/>Fuimos parte en este a\u00f1o de la creaci\u00f3n del programa para la prevenci\u00f3n del suicidio: Qu\u00e9date.<br \/>Brindamos capacitaci\u00f3n gratuita a dos generaciones de pacientes y familiares de nuestra comunidad como Trabajadores de Apoyo a Pares.<\/p><ul><li>7 colaboradores como parte del equipo permanente<\/li><li>30 Facilitadores y voluntarios<\/li><li>1.000 personas formalmente inscritas en nuestra comunidad<\/li><li>35 C\u00edrculos de apoyo a lo largo del pa\u00eds (Grupos de apoyo)<\/li><li>5.000 personas en listas de difusi\u00f3n<\/li><li>40 donatarios permanentes<\/li><li>6.000 seguidores en Instagram<br \/><br \/><em>*Resumen completo en Memoria publicada en la secci\u00f3n de \u201cTransparencia\u201d.<\/em><\/li><\/ul><\/div>\t\t\t\t<\/div>\n\t\t\t\t<\/div>\n\t\t\t\t\t\t\t\t\t\t\t<div class=\"ha-timeline-block elementor-repeater-item-0edd04c\">\n\t\t\t\t\t<div class=\"ha-timeline-icon-box align-center\">\n\t\t\t\t\t\t<div class=\"ha-timeline-icon\">\n\t\t\t\t\t\t\t<i aria-hidden=\"true\" class=\"fas fa-calendar-alt\"><\/i>\t\t\t\t\t\t\t\t\t\t\t\t\t\t\t<span class=\"ha-timeline-date ha-timeline-date-desktop\">\n\t\t\t\t\t\t\t\t\t<span class=\"date\">2023<\/span>\t\t\t\t\t\t\t\t<\/span>\n\t\t\t\t\t\t\t\t\t\t\t\t\t<\/div>\n\t\t\t\t\t\t<div class=\"ha-timeline-tree\">\n\t\t\t\t\t\t\t\t\t\t\t\t\t\t<div class=\"ha-timeline-tree-inner\"><\/div>\n\t\t\t\t\t\t\t\t\t\t\t\t\t<\/div>\n\t\t\t\t\t<\/div>\n\t\t\t\t\t<div class=\"ha-timeline-content arrow ha-timeline-content arrow ha-timeline-content arrow ha-timeline-content arrow ha-timeline-content arrow ha-timeline-content arrow\"\">\n\t\t\t\t\t\t\t\t\t\t\t<span class=\"ha-timeline-date ha-timeline-date-tablet\">\n\t\t\t\t\t\t\t<span class=\"date\">2023<\/span>\t\t\t\t\t\t<\/span>\n\t\t\t\t\t\t\t\t\t\t\t\t\t\t\t<div class=\"ha-timeline-content-text\"><p>Fue un a\u00f1o de intenso crecimiento para nuestra fundaci\u00f3n, por lo que nos reestructurarnos internamente. Se organiz\u00f3 a nuestro equipo en cuatro pilares:<br \/>Finanzas, Calidad de Vida, Proyectos, Arte y Comunicaciones. Hoy el equipo permanente est\u00e1 formado por 12 personas (pacientes y referentes), y si sumamos a los voluntarios llegamos a m\u00e1s de 100 personas comprometidas con nuestro proyecto.<br \/>Tomamos la bandera de la inclusi\u00f3n, por lo que en cada uno de nuestros proyectos financiados, contratamos pacientes y familiares de nuestros grupos de apoyo, principalmente relatores para nuestros talleres de psicoeducaci\u00f3n formados como \u201cexpertos por experiencia\u201d.<br \/>30 personas diagnosticadas con Trastorno Bipolar contratadas (3 personas con credencial de discapacidad en nuestra Fundaci\u00f3n, ya sea de manera indefinida o por proyecto, en roles como Relator\u00eda, Asesoramiento, Liderazgo de proyectos, Facilitadores en proyectos de salud mental.<br \/>(28 personas en Regi\u00f3n Metropolitana, 1 en Regi\u00f3n de la Araucan\u00eda, 1 en Regi\u00f3n de Valpara\u00edso.)<\/p><ul><li>12 colaboradores como parte del equipo permanente<\/li><li>120 Facilitadores y voluntarios<\/li><li>3.000 personas formalmente inscritas en nuestra comunidad<\/li><li>100 C\u00edrculos de apoyo a lo largo del pa\u00eds (Grupos de apoyo)<\/li><li>5.500 personas en listas de difusi\u00f3n<\/li><li>80 donatarios permanentes<\/li><li>13.000 seguidores en Instagram<br \/><em>*Resumen completo en Memoria publicada en la secci\u00f3n de \u201cTransparencia\u201d.<\/em><\/li><\/ul><\/div>\t\t\t\t<\/div>\n\t\t\t\t<\/div>\n\t\t\t\t\t<\/div>\n\t\t\t\t\t\t<\/div>\n\t\t\t\t<\/div>\n\t\t\t\t\t<\/div>\n\t\t<\/div>\n\t\t\t\t\t<\/div>\n\t\t<\/section>\n\t\t\t\t<section class=\"elementor-section elementor-top-section elementor-element elementor-element-566368d elementor-hidden-desktop elementor-hidden-tablet elementor-hidden-mobile elementor-section-boxed elementor-section-height-default elementor-section-height-default\" data-id=\"566368d\" data-element_type=\"section\" data-settings=\"{&quot;background_background&quot;:&quot;classic&quot;,&quot;_ha_eqh_enable&quot;:false}\">\n\t\t\t\t\t\t\t<div class=\"elementor-background-overlay\"><\/div>\n\t\t\t\t\t\t\t<div class=\"elementor-container elementor-column-gap-no\">\n\t\t\t\t\t<div class=\"elementor-column elementor-col-100 elementor-top-column elementor-element elementor-element-2fde5cc\" data-id=\"2fde5cc\" data-element_type=\"column\">\n\t\t\t<div class=\"elementor-widget-wrap\">\n\t\t\t\t\t\t\t<\/div>\n\t\t<\/div>\n\t\t\t\t\t<\/div>\n\t\t<\/section>\n\t\t\t\t<\/div>\n\t\t","protected":false},"excerpt":{"rendered":"<p>2018 2018 Tras una constante b\u00fasqueda de respuestas, estrategias y formas de enfrentar el sufrimiento que nos provocaba tener bipolaridad, nos acercamos a fines de 2018 a sesiones de psicoeducaci\u00f3n, tras una invitaci\u00f3n de la Asociaci\u00f3n Chilena de Bipolares (SOCHITAB).Hab\u00eda un grupo de pacientes bipolares y de sus familiares, que ah\u00ed reunidos, nos vinculamos para [&hellip;]<\/p>\n","protected":false},"author":1,"featured_media":0,"parent":0,"menu_order":0,"comment_status":"closed","ping_status":"closed","template":"","meta":{"site-sidebar-layout":"no-sidebar","site-content-layout":"page-builder","ast-site-content-layout":"full-width-container","site-content-style":"unboxed","site-sidebar-style":"unboxed","ast-global-header-display":"","ast-banner-title-visibility":"","ast-main-header-display":"","ast-hfb-above-header-display":"","ast-hfb-below-header-display":"","ast-hfb-mobile-header-display":"","site-post-title":"disabled","ast-breadcrumbs-content":"disabled","ast-featured-img":"","footer-sml-layout":"","theme-transparent-header-meta":"enabled","adv-header-id-meta":"","stick-header-meta":"","header-above-stick-meta":"","header-main-stick-meta":"","header-below-stick-meta":"","astra-migrate-meta-layouts":"set","ast-page-background-enabled":"default","ast-page-background-meta":{"desktop":{"background-color":"","background-image":"","background-repeat":"repeat","background-position":"center center","background-size":"auto","background-attachment":"scroll","background-type":"","background-media":"","overlay-type":"","overlay-color":"","overlay-opacity":"","overlay-gradient":""},"tablet":{"background-color":"","background-image":"","background-repeat":"repeat","background-position":"center center","background-size":"auto","background-attachment":"scroll","background-type":"","background-media":"","overlay-type":"","overlay-color":"","overlay-opacity":"","overlay-gradient":""},"mobile":{"background-color":"","background-image":"","background-repeat":"repeat","background-position":"center center","background-size":"auto","background-attachment":"scroll","background-type":"","background-media":"","overlay-type":"","overlay-color":"","overlay-opacity":"","overlay-gradient":""}},"ast-content-background-meta":{"desktop":{"background-color":"var(--ast-global-color-5)","background-image":"","background-repeat":"repeat","background-position":"center center","background-size":"auto","background-attachment":"scroll","background-type":"","background-media":"","overlay-type":"","overlay-color":"","overlay-opacity":"","overlay-gradient":""},"tablet":{"background-color":"var(--ast-global-color-5)","background-image":"","background-repeat":"repeat","background-position":"center center","background-size":"auto","background-attachment":"scroll","background-type":"","background-media":"","overlay-type":"","overlay-color":"","overlay-opacity":"","overlay-gradient":""},"mobile":{"background-color":"var(--ast-global-color-5)","background-image":"","background-repeat":"repeat","background-position":"center center","background-size":"auto","background-attachment":"scroll","background-type":"","background-media":"","overlay-type":"","overlay-color":"","overlay-opacity":"","overlay-gradient":""}},"footnotes":""},"_links":{"self":[{"href":"https:\/\/circulopolar.cl\/index.php\/wp-json\/wp\/v2\/pages\/1493"}],"collection":[{"href":"https:\/\/circulopolar.cl\/index.php\/wp-json\/wp\/v2\/pages"}],"about":[{"href":"https:\/\/circulopolar.cl\/index.php\/wp-json\/wp\/v2\/types\/page"}],"author":[{"embeddable":true,"href":"https:\/\/circulopolar.cl\/index.php\/wp-json\/wp\/v2\/users\/1"}],"replies":[{"embeddable":true,"href":"https:\/\/circulopolar.cl\/index.php\/wp-json\/wp\/v2\/comments?post=1493"}],"version-history":[{"count":19,"href":"https:\/\/circulopolar.cl\/index.php\/wp-json\/wp\/v2\/pages\/1493\/revisions"}],"predecessor-version":[{"id":2352,"href":"https:\/\/circulopolar.cl\/index.php\/wp-json\/wp\/v2\/pages\/1493\/revisions\/2352"}],"wp:attachment":[{"href":"https:\/\/circulopolar.cl\/index.php\/wp-json\/wp\/v2\/media?parent=1493"}],"curies":[{"name":"wp","href":"https:\/\/api.w.org\/{rel}","templated":true}]}}